{"id":37,"date":"2019-10-18T13:50:03","date_gmt":"2019-10-18T11:50:03","guid":{"rendered":"https:\/\/benzinampel.de\/blog\/reisen\/?page_id=37"},"modified":"2019-10-18T15:19:15","modified_gmt":"2019-10-18T13:19:15","slug":"staedtereisen","status":"publish","type":"page","link":"https:\/\/benzinampel.de\/blog\/reisen\/staedtereisen\/","title":{"rendered":"St\u00e4dtereisen"},"content":{"rendered":"<p><span style=\"width: 100%;\"><a href=\"https:\/\/benzinampel.de\/blog\/reisen\/\"><img loading=\"lazy\" decoding=\"async\" alt=\"\" width=\"300\" height=\"80\" title=\"Reiseblogg\" data-id=\"49\" src=\"https:\/\/benzinampel.de\/blog\/reisen\/wp-content\/uploads\/sites\/2\/2019\/10\/Reiseblogg.png\" style=\"width: 100%;\"><\/a><\/span><a href=\"https:\/\/benzinampel.de\/blog\/reisen\/campingreisen\/\"><span><span>Campingreisen<\/span><\/span><\/a><a href=\"https:\/\/benzinampel.de\/blog\/reisen\/staedtereisen\/\"><span><span>St\u00e4dtereisen<\/span><\/span><\/a><a href=\"https:\/\/benzinampel.de\/blog\/reisen\/motorradtouren\/\"><span><span>Motorrradtouren<\/span><\/span><\/a><a href=\"https:\/\/benzinampel.de\/blog\/reisen\/veranstaltungsreisen\/\"><span><span>Veranstaltungsreisen<\/span><\/span><\/a><\/p>\n<h1>Inspirationen und Tipps rund um St\u00e4dtereisen<\/h1>\n<p>Immer beliebter werden St\u00e4dtereisen. St\u00e4dtereisen lassen sich auch kurfristig realisieren und haben dabei sehr viel zu bieten. Nicht immer sind die Urlaubstage lang genug um einen 4 -Wochen Urlaub zu machen. Und genau hier ist eine St\u00e4dtereise eine tolle alternative. Wenn Sie einfach mal f\u00fcr ein paar Tage abstand vom Alltag haben, dann lassen Sie sich von unseren St\u00e4dtereisen inspirieren. &nbsp;Zus\u00e4tzlich k\u00f6nnen Sie bei der Planung auf wertvolle Hinweise von uns zur\u00fcckgreifen.&nbsp;<\/p>\n<h2>Unsere neusten Beitr\u00e4ge:<\/h2>\n<div class=\"tcb-post-list tve-content-list thrv_wrapper\" data-type=\"grid\" data-pagination-type=\"none\" data-pages_near_current=\"2\" data-css=\"tve-u-16dde5e7b60\" data-total_post_count=\"8\" data-no_posts_text=\"There are no posts to display.\" data-total_sticky_count=\"0\"><article id=\"post-161\" class=\"post-161 post type-post status-publish format-standard has-post-thumbnail hentry category-staedtereisen post-wrapper thrv_wrapper thrive-animated-item  tve_evt_manager_listen tve_ea_thrive_animation tve_et_mouseover tve_ea_thrive_animation tve_ea_thrive_animation tve_ea_thrive_animation tve_ea_thrive_animation tve_ea_thrive_animation tve_ea_thrive_animation tve_ea_thrive_animation tve_ea_thrive_animation tve_ea_thrive_animation tve_ea_thrive_animation tve_ea_thrive_animation tve_ea_thrive_animation tve_ea_thrive_animation tve_anim_sweep_to_bottom\" tcb_hover_state_parent=\"\" class=\"tve_evt_manager_listen tve_ea_thrive_animation tve_et_mouseover tve_ea_thrive_animation tve_ea_thrive_animation tve_ea_thrive_animation tve_ea_thrive_animation tve_ea_thrive_animation tve_ea_thrive_animation tve_ea_thrive_animation tve_ea_thrive_animation tve_ea_thrive_animation tve_ea_thrive_animation tve_ea_thrive_animation tve_ea_thrive_animation tve_ea_thrive_animation tve_anim_sweep_to_bottom\" data-id=\"161\" data-selector=\".post-wrapper\" data-tcb-events=\"__TCB_EVENT_[{&quot;t&quot;:&quot;mouseover&quot;,&quot;config&quot;:{&quot;anim&quot;:&quot;sweep_to_bottom&quot;,&quot;loop&quot;:1},&quot;a&quot;:&quot;thrive_animation&quot;}]_TNEVE_BCT__\"><style class=\"tcb-post-list-dynamic-style\" type=\"text\/css\">@media (min-width: 300px){[].tcb-post-list #post-161 []{background-image: linear-gradient(rgba(0, 0, 0, 0.7) 0%, rgba(255, 255, 255, 0) 32%), url(&#8222;https:\/\/benzinampel.de\/blog\/reisen\/wp-content\/uploads\/sites\/2\/2020\/02\/christmas-2971961_1280.jpg&#8222;) !important;}}<\/style><a href=\"https:\/\/benzinampel.de\/blog\/reisen\/weihnachtsmarkt-in-der-ravennaschlucht\/\" dynamic-postlink=\"tcb_post_the_permalink\" data-shortcode-id=\"32\"><p class=\"tcb-post-date tcb-shortcode thrv_wrapper\" data-type=\"published\" data-css=\"tve-u-16dde5e7b69\"><time>9. Juni 2020 19:29<\/time><\/p><\/a><h2 class=\"tcb-post-title tcb-shortcode thrv_wrapper\" data-css=\"tve-u-16dde5e7b6b\"><a href=\"https:\/\/benzinampel.de\/blog\/reisen\/weihnachtsmarkt-in-der-ravennaschlucht\/\" title=\"Weihnachtsmarkt in der Ravennaschlucht\" data-css=\"tve-u-16dde5e7b6b\">Weihnachtsmarkt in der Ravennaschlucht<\/a><\/h2><a href=\"https:\/\/benzinampel.de\/blog\/reisen\/weihnachtsmarkt-in-der-ravennaschlucht\/\"><span>                    <\/span><span><span>Read More<\/span><\/span><\/a><\/article><article id=\"post-168\" class=\"post-168 post type-post status-publish format-standard has-post-thumbnail hentry category-staedtereisen post-wrapper thrv_wrapper thrive-animated-item  tve_evt_manager_listen tve_ea_thrive_animation tve_et_mouseover tve_ea_thrive_animation tve_ea_thrive_animation tve_ea_thrive_animation tve_ea_thrive_animation tve_ea_thrive_animation tve_ea_thrive_animation tve_ea_thrive_animation tve_ea_thrive_animation tve_ea_thrive_animation tve_ea_thrive_animation tve_ea_thrive_animation tve_ea_thrive_animation tve_ea_thrive_animation tve_anim_sweep_to_bottom\" tcb_hover_state_parent=\"\" class=\"tve_evt_manager_listen tve_ea_thrive_animation tve_et_mouseover tve_ea_thrive_animation tve_ea_thrive_animation tve_ea_thrive_animation tve_ea_thrive_animation tve_ea_thrive_animation tve_ea_thrive_animation tve_ea_thrive_animation tve_ea_thrive_animation tve_ea_thrive_animation tve_ea_thrive_animation tve_ea_thrive_animation tve_ea_thrive_animation tve_ea_thrive_animation tve_anim_sweep_to_bottom\" data-id=\"168\" data-selector=\".post-wrapper\" data-tcb-events=\"__TCB_EVENT_[{&quot;t&quot;:&quot;mouseover&quot;,&quot;config&quot;:{&quot;anim&quot;:&quot;sweep_to_bottom&quot;,&quot;loop&quot;:1},&quot;a&quot;:&quot;thrive_animation&quot;}]_TNEVE_BCT__\"><style class=\"tcb-post-list-dynamic-style\" type=\"text\/css\">@media (min-width: 300px){[].tcb-post-list #post-168 []{background-image: linear-gradient(rgba(0, 0, 0, 0.7) 0%, rgba(255, 255, 255, 0) 32%), url(&#8222;https:\/\/benzinampel.de\/blog\/reisen\/wp-content\/uploads\/sites\/2\/2020\/02\/christmas-2971961_1280.jpg&#8222;) !important;}}<\/style><a href=\"https:\/\/benzinampel.de\/blog\/reisen\/weihnachtsmarkt-rothenburger-reiterlesmarkt\/\" dynamic-postlink=\"tcb_post_the_permalink\" data-shortcode-id=\"32\"><p class=\"tcb-post-date tcb-shortcode thrv_wrapper\" data-type=\"published\" data-css=\"tve-u-16dde5e7b69\"><time>19. Mai 2020 13:39<\/time><\/p><\/a><h2 class=\"tcb-post-title tcb-shortcode thrv_wrapper\" data-css=\"tve-u-16dde5e7b6b\"><a href=\"https:\/\/benzinampel.de\/blog\/reisen\/weihnachtsmarkt-rothenburger-reiterlesmarkt\/\" title=\"Weihnachtsmarkt Rothenburger Reiterlesmarkt\" data-css=\"tve-u-16dde5e7b6b\">Weihnachtsmarkt Rothenburger Reiterlesmarkt<\/a><\/h2><a href=\"https:\/\/benzinampel.de\/blog\/reisen\/weihnachtsmarkt-rothenburger-reiterlesmarkt\/\"><span>                    <\/span><span><span>Read More<\/span><\/span><\/a><\/article><article id=\"post-195\" class=\"post-195 post type-post status-publish format-standard has-post-thumbnail hentry category-staedtereisen post-wrapper thrv_wrapper thrive-animated-item  tve_evt_manager_listen tve_ea_thrive_animation tve_et_mouseover tve_ea_thrive_animation tve_ea_thrive_animation tve_ea_thrive_animation tve_ea_thrive_animation tve_ea_thrive_animation tve_ea_thrive_animation tve_ea_thrive_animation tve_ea_thrive_animation tve_ea_thrive_animation tve_ea_thrive_animation tve_ea_thrive_animation tve_ea_thrive_animation tve_ea_thrive_animation tve_anim_sweep_to_bottom\" tcb_hover_state_parent=\"\" class=\"tve_evt_manager_listen tve_ea_thrive_animation tve_et_mouseover tve_ea_thrive_animation tve_ea_thrive_animation tve_ea_thrive_animation tve_ea_thrive_animation tve_ea_thrive_animation tve_ea_thrive_animation tve_ea_thrive_animation tve_ea_thrive_animation tve_ea_thrive_animation tve_ea_thrive_animation tve_ea_thrive_animation tve_ea_thrive_animation tve_ea_thrive_animation tve_anim_sweep_to_bottom\" data-id=\"195\" data-selector=\".post-wrapper\" data-tcb-events=\"__TCB_EVENT_[{&quot;t&quot;:&quot;mouseover&quot;,&quot;config&quot;:{&quot;anim&quot;:&quot;sweep_to_bottom&quot;,&quot;loop&quot;:1},&quot;a&quot;:&quot;thrive_animation&quot;}]_TNEVE_BCT__\"><style class=\"tcb-post-list-dynamic-style\" type=\"text\/css\">@media (min-width: 300px){[].tcb-post-list #post-195 []{background-image: linear-gradient(rgba(0, 0, 0, 0.7) 0%, rgba(255, 255, 255, 0) 32%), url(&#8222;https:\/\/benzinampel.de\/blog\/reisen\/wp-content\/uploads\/sites\/2\/2020\/05\/Burg_Kerpen_Eifel_006x.jpg&#8222;) !important;}}<\/style><a href=\"https:\/\/benzinampel.de\/blog\/reisen\/motorradtour-durch-die-vulkaneifel\/\" dynamic-postlink=\"tcb_post_the_permalink\" data-shortcode-id=\"32\"><p class=\"tcb-post-date tcb-shortcode thrv_wrapper\" data-type=\"published\" data-css=\"tve-u-16dde5e7b69\"><time>12. Mai 2020 11:41<\/time><\/p><\/a><h2 class=\"tcb-post-title tcb-shortcode thrv_wrapper\" data-css=\"tve-u-16dde5e7b6b\"><a href=\"https:\/\/benzinampel.de\/blog\/reisen\/motorradtour-durch-die-vulkaneifel\/\" title=\"Motorradtour durch die Vulkaneifel\" data-css=\"tve-u-16dde5e7b6b\">Motorradtour durch die Vulkaneifel<\/a><\/h2><a href=\"https:\/\/benzinampel.de\/blog\/reisen\/motorradtour-durch-die-vulkaneifel\/\"><span>                    <\/span><span><span>Read More<\/span><\/span><\/a><\/article><article id=\"post-181\" class=\"post-181 post type-post status-publish format-standard has-post-thumbnail hentry category-staedtereisen post-wrapper thrv_wrapper thrive-animated-item  tve_evt_manager_listen tve_ea_thrive_animation tve_et_mouseover tve_ea_thrive_animation tve_ea_thrive_animation tve_ea_thrive_animation tve_ea_thrive_animation tve_ea_thrive_animation tve_ea_thrive_animation tve_ea_thrive_animation tve_ea_thrive_animation tve_ea_thrive_animation tve_ea_thrive_animation tve_ea_thrive_animation tve_ea_thrive_animation tve_ea_thrive_animation tve_anim_sweep_to_bottom\" tcb_hover_state_parent=\"\" class=\"tve_evt_manager_listen tve_ea_thrive_animation tve_et_mouseover tve_ea_thrive_animation tve_ea_thrive_animation tve_ea_thrive_animation tve_ea_thrive_animation tve_ea_thrive_animation tve_ea_thrive_animation tve_ea_thrive_animation tve_ea_thrive_animation tve_ea_thrive_animation tve_ea_thrive_animation tve_ea_thrive_animation tve_ea_thrive_animation tve_ea_thrive_animation tve_anim_sweep_to_bottom\" data-id=\"181\" data-selector=\".post-wrapper\" data-tcb-events=\"__TCB_EVENT_[{&quot;t&quot;:&quot;mouseover&quot;,&quot;config&quot;:{&quot;anim&quot;:&quot;sweep_to_bottom&quot;,&quot;loop&quot;:1},&quot;a&quot;:&quot;thrive_animation&quot;}]_TNEVE_BCT__\"><style class=\"tcb-post-list-dynamic-style\" type=\"text\/css\">@media (min-width: 300px){[].tcb-post-list #post-181 []{background-image: linear-gradient(rgba(0, 0, 0, 0.7) 0%, rgba(255, 255, 255, 0) 32%), url(&#8222;https:\/\/benzinampel.de\/blog\/reisen\/wp-content\/uploads\/sites\/2\/2020\/04\/cologne-1884931_960_720.jpg&#8222;) !important;}}<\/style><a href=\"https:\/\/benzinampel.de\/blog\/reisen\/staedtetrip-nach-koeln\/\" dynamic-postlink=\"tcb_post_the_permalink\" data-shortcode-id=\"32\"><p class=\"tcb-post-date tcb-shortcode thrv_wrapper\" data-type=\"published\" data-css=\"tve-u-16dde5e7b69\"><time>24. April 2020 12:50<\/time><\/p><\/a><h2 class=\"tcb-post-title tcb-shortcode thrv_wrapper\" data-css=\"tve-u-16dde5e7b6b\"><a href=\"https:\/\/benzinampel.de\/blog\/reisen\/staedtetrip-nach-koeln\/\" title=\"St\u00e4dtetrip nach K\u00f6ln\" data-css=\"tve-u-16dde5e7b6b\">St\u00e4dtetrip nach K\u00f6ln<\/a><\/h2><a href=\"https:\/\/benzinampel.de\/blog\/reisen\/staedtetrip-nach-koeln\/\"><span>                    <\/span><span><span>Read More<\/span><\/span><\/a><\/article><article id=\"post-151\" class=\"post-151 post type-post status-publish format-standard has-post-thumbnail hentry category-staedtereisen post-wrapper thrv_wrapper thrive-animated-item  tve_evt_manager_listen tve_ea_thrive_animation tve_et_mouseover tve_ea_thrive_animation tve_ea_thrive_animation tve_ea_thrive_animation tve_ea_thrive_animation tve_ea_thrive_animation tve_ea_thrive_animation tve_ea_thrive_animation tve_ea_thrive_animation tve_ea_thrive_animation tve_ea_thrive_animation tve_ea_thrive_animation tve_ea_thrive_animation tve_ea_thrive_animation tve_anim_sweep_to_bottom\" tcb_hover_state_parent=\"\" class=\"tve_evt_manager_listen tve_ea_thrive_animation tve_et_mouseover tve_ea_thrive_animation tve_ea_thrive_animation tve_ea_thrive_animation tve_ea_thrive_animation tve_ea_thrive_animation tve_ea_thrive_animation tve_ea_thrive_animation tve_ea_thrive_animation tve_ea_thrive_animation tve_ea_thrive_animation tve_ea_thrive_animation tve_ea_thrive_animation tve_ea_thrive_animation tve_anim_sweep_to_bottom\" data-id=\"151\" data-selector=\".post-wrapper\" data-tcb-events=\"__TCB_EVENT_[{&quot;t&quot;:&quot;mouseover&quot;,&quot;config&quot;:{&quot;anim&quot;:&quot;sweep_to_bottom&quot;,&quot;loop&quot;:1},&quot;a&quot;:&quot;thrive_animation&quot;}]_TNEVE_BCT__\"><style class=\"tcb-post-list-dynamic-style\" type=\"text\/css\">@media (min-width: 300px){[].tcb-post-list #post-151 []{background-image: linear-gradient(rgba(0, 0, 0, 0.7) 0%, rgba(255, 255, 255, 0) 32%), url(&#8222;https:\/\/benzinampel.de\/blog\/reisen\/wp-content\/uploads\/sites\/2\/2020\/04\/sailing-boat-1593613_1920.jpg&#8222;) !important;}}<\/style><a href=\"https:\/\/benzinampel.de\/blog\/reisen\/camping-am-bodensee\/\" dynamic-postlink=\"tcb_post_the_permalink\" data-shortcode-id=\"32\"><p class=\"tcb-post-date tcb-shortcode thrv_wrapper\" data-type=\"published\" data-css=\"tve-u-16dde5e7b69\"><time>27. Februar 2020 13:04<\/time><\/p><\/a><h2 class=\"tcb-post-title tcb-shortcode thrv_wrapper\" data-css=\"tve-u-16dde5e7b6b\"><a href=\"https:\/\/benzinampel.de\/blog\/reisen\/camping-am-bodensee\/\" title=\"Camping am Bodensee\" data-css=\"tve-u-16dde5e7b6b\">Camping am Bodensee<\/a><\/h2><a href=\"https:\/\/benzinampel.de\/blog\/reisen\/camping-am-bodensee\/\"><span>                    <\/span><span><span>Read More<\/span><\/span><\/a><\/article><article id=\"post-135\" class=\"post-135 post type-post status-publish format-standard has-post-thumbnail hentry category-staedtereisen post-wrapper thrv_wrapper thrive-animated-item  tve_evt_manager_listen tve_ea_thrive_animation tve_et_mouseover tve_ea_thrive_animation tve_ea_thrive_animation tve_ea_thrive_animation tve_ea_thrive_animation tve_ea_thrive_animation tve_ea_thrive_animation tve_ea_thrive_animation tve_ea_thrive_animation tve_ea_thrive_animation tve_ea_thrive_animation tve_ea_thrive_animation tve_ea_thrive_animation tve_ea_thrive_animation tve_anim_sweep_to_bottom\" tcb_hover_state_parent=\"\" class=\"tve_evt_manager_listen tve_ea_thrive_animation tve_et_mouseover tve_ea_thrive_animation tve_ea_thrive_animation tve_ea_thrive_animation tve_ea_thrive_animation tve_ea_thrive_animation tve_ea_thrive_animation tve_ea_thrive_animation tve_ea_thrive_animation tve_ea_thrive_animation tve_ea_thrive_animation tve_ea_thrive_animation tve_ea_thrive_animation tve_ea_thrive_animation tve_anim_sweep_to_bottom\" data-id=\"135\" data-selector=\".post-wrapper\" data-tcb-events=\"__TCB_EVENT_[{&quot;t&quot;:&quot;mouseover&quot;,&quot;config&quot;:{&quot;anim&quot;:&quot;sweep_to_bottom&quot;,&quot;loop&quot;:1},&quot;a&quot;:&quot;thrive_animation&quot;}]_TNEVE_BCT__\"><style class=\"tcb-post-list-dynamic-style\" type=\"text\/css\">@media (min-width: 300px){[].tcb-post-list #post-135 []{background-image: linear-gradient(rgba(0, 0, 0, 0.7) 0%, rgba(255, 255, 255, 0) 32%), url(&#8222;https:\/\/benzinampel.de\/blog\/reisen\/wp-content\/uploads\/sites\/2\/2020\/02\/munich-1480740_1920.jpg&#8222;) !important;}}<\/style><a href=\"https:\/\/benzinampel.de\/blog\/reisen\/staedtetrip-nach-muenchen-die-weltstadt-mir-herz\/\" dynamic-postlink=\"tcb_post_the_permalink\" data-shortcode-id=\"32\"><p class=\"tcb-post-date tcb-shortcode thrv_wrapper\" data-type=\"published\" data-css=\"tve-u-16dde5e7b69\"><time>17. Februar 2020 11:28<\/time><\/p><\/a><h2 class=\"tcb-post-title tcb-shortcode thrv_wrapper\" data-css=\"tve-u-16dde5e7b6b\"><a href=\"https:\/\/benzinampel.de\/blog\/reisen\/staedtetrip-nach-muenchen-die-weltstadt-mir-herz\/\" title=\"St\u00e4dtetrip nach M\u00fcnchen &#8211; Die Weltstadt mir Herz\" data-css=\"tve-u-16dde5e7b6b\">St\u00e4dtetrip nach M\u00fcnchen &#8211; Die Weltstadt mir Herz<\/a><\/h2><a href=\"https:\/\/benzinampel.de\/blog\/reisen\/staedtetrip-nach-muenchen-die-weltstadt-mir-herz\/\"><span>                    <\/span><span><span>Read More<\/span><\/span><\/a><\/article><\/div>\n<p><a href=\"https:\/\/benzinampel.de\/impressum.html\" target=\"_blank\" rel=\"noopener noreferrer\">Impressum<\/a><\/p>\n<p><a href=\"https:\/\/benzinampel.de\/datenschutz.html\" target=\"_blank\" rel=\"noopener noreferrer\">Datenschutz<\/a><\/p>\n<p><a href=\"mailto:support@benzinampel.de\" target=\"_blank\" rel=\"noopener noreferrer\">Kontakt<\/a><\/p>\n<p style=\"text-align: center;\">Copyright \u00a92019 Konzept Steinheimer GmbH<\/p>\n<p><span>Insert Content Template or Symbol<\/span><\/p>\n","protected":false},"excerpt":{"rendered":"<p>CampingreisenSt\u00e4dtereisenMotorrradtourenVeranstaltungsreisen Inspirationen und Tipps rund um St\u00e4dtereisen Immer beliebter werden St\u00e4dtereisen. St\u00e4dtereisen lassen sich auch kurfristig realisieren und haben dabei sehr viel zu bieten. Nicht immer sind die Urlaubstage lang genug um einen 4 -Wochen Urlaub zu machen. Und genau hier ist eine St\u00e4dtereise eine tolle alternative. Wenn Sie einfach mal f\u00fcr ein paar Tage [&hellip;]<\/p>\n","protected":false},"author":1,"featured_media":0,"parent":0,"menu_order":0,"comment_status":"closed","ping_status":"closed","template":"blank-page.php","meta":{"_monsterinsights_skip_tracking":false,"_monsterinsights_sitenote_active":false,"_monsterinsights_sitenote_note":"","_monsterinsights_sitenote_category":0,"footnotes":""},"_links":{"self":[{"href":"https:\/\/benzinampel.de\/blog\/reisen\/wp-json\/wp\/v2\/pages\/37"}],"collection":[{"href":"https:\/\/benzinampel.de\/blog\/reisen\/wp-json\/wp\/v2\/pages"}],"about":[{"href":"https:\/\/benzinampel.de\/blog\/reisen\/wp-json\/wp\/v2\/types\/page"}],"author":[{"embeddable":true,"href":"https:\/\/benzinampel.de\/blog\/reisen\/wp-json\/wp\/v2\/users\/1"}],"replies":[{"embeddable":true,"href":"https:\/\/benzinampel.de\/blog\/reisen\/wp-json\/wp\/v2\/comments?post=37"}],"version-history":[{"count":0,"href":"https:\/\/benzinampel.de\/blog\/reisen\/wp-json\/wp\/v2\/pages\/37\/revisions"}],"wp:attachment":[{"href":"https:\/\/benzinampel.de\/blog\/reisen\/wp-json\/wp\/v2\/media?parent=37"}],"curies":[{"name":"wp","href":"https:\/\/api.w.org\/{rel}","templated":true}]}}